{"id":7160,"date":"2018-07-30T17:14:39","date_gmt":"2018-07-30T15:14:39","guid":{"rendered":"https:\/\/www.riccardomuti.com\/?page_id=7160"},"modified":"2021-06-01T08:36:52","modified_gmt":"2021-06-01T06:36:52","slug":"primo-estratto-dalla-rassegna-stampa-della-riccardo-muti-italian-opera-academy-2018","status":"publish","type":"page","link":"https:\/\/www.riccardomuti.com\/en\/primo-estratto-dalla-rassegna-stampa-della-riccardo-muti-italian-opera-academy-2018\/","title":{"rendered":"First excerpt from the Press Release of the Riccardo Muti Italian Opera Academy &#8211; 2018"},"content":{"rendered":"<h4>First excerpt from the Press Release of the Italian Opera Academy focused on Verdi&#8217;s <em>Macbeth<\/em>.<br \/>\nPhotos at the bottom of this page.<\/h4>\n<p>&nbsp;<\/p>\n<h3><strong>A lezione di verit\u00e0 con Verdi e Muti<\/strong><\/h3>\n<p>Nel decalogo delle esperienze musicali imprescindibili, da provare almeno una volta nella vita, questa va iscritta a caratteri cubitali: seguire una lezione di Muti su Verdi. Almeno una, a\u00a0Ravenna, nei silenzi del gioiello del Teatro Alighieri. Oppure volendo essere pi\u00f9 esotici a Tokyo, dall&#8217;anno prossimo, dal momento che la vincente Italian Opera Academy, al quarto anno di vita, gi\u00e0 viene richiesta per i prossimi tre dagli attenti giapponesi, che non se ne sono lasciati sfuggire l&#8217;enorme potenziale di novit\u00e0. Perch\u00e9 qui si vive non solo un trasmigrare di esperienze &#8211; tecniche, artistiche, umane &#8211; consegnate dal Maestro a giovani scelti, di alto curriculum. Ma si viene letteralmente immersi nella fucina creativa del compositore. Sui leggii dell&#8217;orchestra Cherubini,<br \/>\nche fa da elastica palestra alle quattro bacchette, questa volta c&#8217;\u00e8 Macbeth, l&#8217;opera verdiana che Muti ha pi\u00f9 diretto (l&#8217;ultima a Firenze, poche settimane fa, per festeggiare con i complessi del Maggio i cinquant&#8217;anni dal debutto) e che anzich\u00e9 diventare routine, come capita con la ripetizione, sempre pi\u00f9 diventa terreno di radicale esplorazione: dove esaltare le rotture delle convenzioni linguistiche, in favore dell&#8217;invenzione teatrale. Non \u00e8 facile prendere il passo di un viaggio tanto imprevedibile, per i quattro direttori selezionati ad alternarsi sul podio. Pak Lok Alvin Ho, di Hong Kong, \u00e8 il pi\u00f9 giovane, ventiquattrenne, sottile e malleabile; John Lidfors, trentadue, il pi\u00f9 anziano, \u00e8 anche il pi\u00f9 creativo, costruito; Wilbur Lin, passaporto americano e occhi a mandorla, e Aleksandr Poliykov, ucraino che insegna a Boston, entrambi classe 1988, possiedono robusta tecnica sinfonica. Vederli, sentirli, a rotazione, magari alla prova sul medesimo brano del Macbeth, diventa un percorso affascinante. Con Muti alle spalle o talora anche a due mani sulla bacchetta. Per sciogliere la tecnica, mentre si apre l&#8217;abisso dell&#8217;interpretazione. Si pu\u00f2 insegnare l&#8217;opera. Si pu\u00f2 studiare all&#8217;infinito Verdi. Si pu\u00f2 cambiare, come cambiano a vista i quattro allievi esemplari. \u00abNon imitate\u00bb, li esorta Muti, riportandoli di continuo dall&#8217;effetto del gesto alla sostanza della partitura. Del \u00abcosa c&#8217;\u00e8 scritto\u00bb: con un gusto per la verit\u00e0 che dice tutto l&#8217;amore per Verdi, il rivoluzionario, il radicale. Inventore di un teatro visionario, che scopriamo qui, in questa meravigliosa bolla magica, di studio appassionato, tecnica ferrea e umorismo senza fine.<\/p>\n<p style=\"text-align: right;\">Carla Moreni, <em>Il Sole 24 Ore<\/em>, 29 luglio 2018<\/p>\n<h3><\/h3>\n<h3><strong>A Ravenne, Riccardo Muti aux sources de Verdi<\/strong><\/h3>\n<p><a href=\"https:\/\/www.riccardomuti.com\/wp-content\/uploads\/Article_LeMonde1.png\"><br \/>\n<img decoding=\"async\" class=\"aligncenter wp-image-7098 size-medium\" src=\"https:\/\/www.riccardomuti.com\/wp-content\/uploads\/Article_LeMonde1-300x205.png\" alt=\"\" width=\"300\" height=\"205\" srcset=\"https:\/\/www.riccardomuti.com\/wp-content\/uploads\/Article_LeMonde1-200x136.png 200w, https:\/\/www.riccardomuti.com\/wp-content\/uploads\/Article_LeMonde1-300x205.png 300w, https:\/\/www.riccardomuti.com\/wp-content\/uploads\/Article_LeMonde1-400x273.png 400w, https:\/\/www.riccardomuti.com\/wp-content\/uploads\/Article_LeMonde1-600x409.png 600w, https:\/\/www.riccardomuti.com\/wp-content\/uploads\/Article_LeMonde1-768x524.png 768w, https:\/\/www.riccardomuti.com\/wp-content\/uploads\/Article_LeMonde1-800x546.png 800w, https:\/\/www.riccardomuti.com\/wp-content\/uploads\/Article_LeMonde1-1024x698.png 1024w, https:\/\/www.riccardomuti.com\/wp-content\/uploads\/Article_LeMonde1-1200x818.png 1200w, https:\/\/www.riccardomuti.com\/wp-content\/uploads\/Article_LeMonde1.png 1619w\" sizes=\"(max-width: 300px) 100vw, 300px\" \/><\/a> <a href=\"https:\/\/www.riccardomuti.com\/wp-content\/uploads\/Article_LeMonde.png\"><img decoding=\"async\" class=\"wp-image-7100 size-medium aligncenter\" src=\"https:\/\/www.riccardomuti.com\/wp-content\/uploads\/Article_LeMonde-300x237.png\" alt=\"\" width=\"300\" height=\"237\" srcset=\"https:\/\/www.riccardomuti.com\/wp-content\/uploads\/Article_LeMonde-200x158.png 200w, https:\/\/www.riccardomuti.com\/wp-content\/uploads\/Article_LeMonde-300x237.png 300w, https:\/\/www.riccardomuti.com\/wp-content\/uploads\/Article_LeMonde-400x315.png 400w, https:\/\/www.riccardomuti.com\/wp-content\/uploads\/Article_LeMonde-600x473.png 600w, https:\/\/www.riccardomuti.com\/wp-content\/uploads\/Article_LeMonde-768x606.png 768w, https:\/\/www.riccardomuti.com\/wp-content\/uploads\/Article_LeMonde-800x631.png 800w, https:\/\/www.riccardomuti.com\/wp-content\/uploads\/Article_LeMonde-1024x808.png 1024w, https:\/\/www.riccardomuti.com\/wp-content\/uploads\/Article_LeMonde-1200x946.png 1200w, https:\/\/www.riccardomuti.com\/wp-content\/uploads\/Article_LeMonde.png 1339w\" sizes=\"(max-width: 300px) 100vw, 300px\" \/><\/a><\/p>\n<p>&nbsp;<\/p>\n<p style=\"text-align: right;\">Marie-Aude Roux, <em>Le Monde<\/em>, 27 Luglio 2018<\/p>\n<p>&nbsp;<\/p>\n<h3><strong>A lezione di opera e di italianit\u00e0 da Riccardo Muti<\/strong><br \/>\n<strong>Nella quarta edizione dell&#8217;\u00abAcademy\u00bb otto giovani promesse alle prese con Verdi<\/strong><\/h3>\n<p>A lezione da Riccardo Muti. Lezioni d&#8217;opera italiana, direzione d&#8217;orchestra. E fra le righe, d&#8217;Italianit\u00e0: un patrimonio che noi stessi &#8211; per primi spesso bistrattiamo. Muti, invece, si spende per valorizzarlo, forse perch\u00e9 questo Paese lo guarda e lo ama da lontano (da Chicago, dove dirige la Symphony Orchestra) oltre che da vicino (appena pu\u00f2, torna a\u00a0Ravenna). \u00abAnche se ci sono alcune persone non serie, l&#8217;Italia \u00e8 un Paese serio. C&#8217;\u00e8 gente seria\u00bb, declama Muti rivolgendosi agli studenti, musicisti, ma anche appassionati che affollano il teatro di\u00a0Ravenna. Colpo d&#8217;occhio a platea e palchi: ovunque taccuini, partiture di Macbeth, matite pronte ad annotare l&#8217;idea, il suggerimento. Ha preso il via la quarta edizione dell&#8217;Italian Opera Academy. Fra candidature piovute a centinaia, come ci ricorda il direttore dell&#8217;Academy Domenico Muti, sono stati selezionati quattro direttori d&#8217;orchestra e altrettanti pianisti collaboratori per i quali il Maestro ha messo a disposizione un cast di cantanti e l&#8217;Orchestra Cherubini. In due settimane, si costruisce l&#8217;opera Macbeth di Giuseppe Verdi, giorno dopo giorno, da mattina a sera, con concerto finalefl agosto diretto da Muti e il 3 dagli allievi dell`Acade- my. Chi sono? Aleksandr Poliykov, 30 anni, di Kiev, ma ora a Boston. Pak Lok Alvin Ho, ha 25 anni, \u00e8 di Hong Kong ma per il lavoro di lima si \u00e8 trasferito a Bloomington (Indiana), l\u00ec segue i corsi di Arthur Fagen; \u00ab\u00e8 di scuola europea\u00bb tiene a precisare quest`orientale con un piano di guerra ben chiaro. Dopo l&#8217;Academy, tenta la fortuna al concorso della London Symphony, quindi della Bamberg Symphony e il Malko in Danimarca. Pi\u00f9 pacato John Lidfors (32 anni), americano cresciuto in Germania dove sta sfruttando ogni opportunit\u00e0 che questo Paese offre ai suoi talenti. Wilbur Lin (1988) vive fra Taiwan e Stati Uniti. Volitivo e pragmatico, ha risolto alla radice il problema di un giovane direttore cui manca la materia prima per lavorare: l&#8217;orchestra. L&#8217;ha creata lui, mettendo assieme i migliori studenti. Prima considerazione. Nel quartetto dei direttori non c&#8217;\u00e8 un italiano. Dove \u00e8 finito il Paese che fu la Silicon Valley delle bacchette: create, incubate, accelerate, esportate? Oggi, cosa sta accadendo nei Conservatori? Cosa, come e soprattutto: chi insegna? Altra riflessione: tre dei quattro allievi sono finiti negli Usa, l\u00ec ci sono scuole ma anche opportunit\u00e0 lavorative. Terza considerazione. I fuoriclasse possono imprimere un&#8217;inversione di tendenza pur in un sistema malato, in declino, sull&#8217;orlo della bancarotta. Vedi Marchionne per l&#8217;automobilismo, vedi Muti per l&#8217;arte: attira cervelli in Italia, cos\u00ec come attraverso il progetto dell&#8217;Orchestra Cherubini sta creando un vivaio di professori d&#8217;orchestra. Infine, dal 2019 esporta il format Academy anche a Tokio. L&#8217;Accademia \u00e8 uno dei pi\u00f9 generosi lasciti di Muti che, incurante di copyright, dispensa consigli, mette a disposizione pezzi di vita spesa fra podi di valore e studio severo. \u00abLe sue non sono opinioni, \u00e8 Sapere, \u00e8 rispetto dell&#8217;arte\u00bb, ricorda Poliykov. Alvin Ho apprezza il fatto che Muti \u00abfaccia emergere l&#8217;anima del compositore, il senso del teatro, non comunica la sua visione personale\u00bb. Sulla stessa lunghezza d&#8217;onda Wilbur Lin: \u00abCi insegna a servire la musica, e non a sovrapporvisi\u00bb. \u00abAma la musica, anche per questo riesce a ispirare i musicisti. Per me \u00e8 una grande lezione\u00bb (Lidfors). C&#8217;\u00e8 nervosismo, ansia da prestazione fra i ragazzi. Condividono passione, carattere, e la consapevolezza che il momento \u00e8 speciale. Muti vive la docenza come una seconda pelle. Ne \u00e8 intrigato, esige, chiede, spiega, e in fondo si diverte. \u00abDevi guardare l`intera orchestra, non solo le prime file. Bisogna far sentire tutti importanti\u00bb, dice agli allievi che non spingono lo sguardo fino a percussioni e ottoni.<br \/>\n\u00abIn orchestra \u00e8 importante quello che senti e cosa vedi: non deve esserci chi suona \u00e0 la carte o addirittura non suona, imparerai che ti pu\u00f2 capitare\u00bb. \u00abSei il boss in questo momento\u00bb spiega al giovanotto timido nel tenere le redini della situazione. Guai alle punte di pollice ed indice che nella sinistra si congiungono facendo il tondino: \u00e8 la mano dell&#8217;espressione, aprila. Blocca il piede sinistro che batte il tempo, distrae. Vai al dunque. Parti dalla sostanza quando parli ai musicisti\u00bb, spiega al ragazzo che si rivolge agli orchestrali in modo tanto delicato quanto inefficace. Guai a fare di Verdi il musicista dello zum-pa-p\u00e0: \u00abTutto \u00e8 sempre espressivo, legato\u00bb, anche perch\u00e9 \u00abla linea che separa il comico dal drammatico, in Verdi \u00e8 esilissima. Bisogna fare attenzione\u00bb. E al cantante che spiega che \u00e8 tradizione sostare sulla tal nota sebbene Verdi scriva esattamente il contrario, Muti risponde citando Furtw\u00e4ngler: \u00abLa tradizione \u00e8 il cattivo ricordo dell&#8217;ultima cattiva esecuzione\u00bb, ovvero la tradizione \u00e8 sacra ma se non finisce per essere un tradimento dello spirito originale del compositore, cosa che spesso capita. L&#8217;obiettivo di Silvia Lelli, fotografa storica del Maestro, fruga tra i leggii, coglie attimi e momenti emancipandoli dal tempo: sapranno emozionarci per sempre.<\/p>\n<p style=\"text-align: right;\">Piera Anna Franini, <em>Il Giornale<\/em>, 24 luglio 2018<\/p>\n<h3 class=\"entry-title\"><strong>Riccardo Muti und Verdis Schicksalskreise<\/strong><\/h3>\n<p>Das Ravenna Festival\u00a0geht nach sieben Wochen so langsam seinem Ende entgegen, doch die Aktivit\u00e4ten im schmucken Teatro Alighieri\u00a0rei\u00dfen nicht ab. Jetzt wurde es\u00a0<em>completamente<\/em>\u00a0zu einem\u00a0Riccardo-Muti-Schrein umfunktioniert. Banner an der Au\u00dfenfassade und der altar\u00e4hnlich Muti-Multi-Medien-Salotto k\u00fcnden davon: zum vierten Mal hat nun die\u00a0<a href=\"http:\/\/www.riccardomutioperacademy.com\/\">Riccardo Muti Italian Opera Academy<\/a> unter\u00a0der Gesch\u00e4ftsf\u00fchrung seines Sohnes Domenico begonnen. Bis zum 3. August, t\u00e4glich und in st\u00e4ndiger Anwesenheit des spiritus rector, wird \u00a0mit vier jungen Dirigenten und vier jungen Regisseuren an\u00a0Verdis &#8220;Macbeth<a href=\"https:\/\/de.wikipedia.org\/wiki\/Macbeth_(Verdi)\">&#8220;<\/a>\u00a0gearbeitet. Dazu kommen das\u00a0Orchestra Giovanile Luigi Cherubini\u00a0und ein Jugendchor; aus Mutis professioneller Auff\u00fchrung sind von letzter Woche\u00a0Vittoria Yeo\u00a0und\u00a0Riccardo Zanellato\u00a0dageblieben, der Rum\u00e4ne\u00a0Serban Vasile\u00a0gibt mit gerundetem Bariton den Macbeth, der forsche Sizilianer Giuseppe Distefano (!) singt den Macduff. Und am Ende gibt es zwei Konzerte, wo das Erarbeitete vorgestellt werden soll.<\/p>\n<p>Da kommt einiges auf die Beteiligten zu, das macht schon der Auftakt deutlich, eine zweieinhalbst\u00fcndige, pausenlose One-Man-Show an der Rampe und am Klavier, in welchen Riccardo Muti so komisch wie ernsthaft, so spontan wie \u00fcberlegt in die Interpretationsschwierigkeiten von Verdis zehnter Oper einf\u00fchrt. Da wird gespielt, philosophiert, gealbert, erkl\u00e4rt, doziert, gesungen und viel geredet. Muti erweist sich dabei als vollkommener Entertainer, der sein Publikum im Griff hat, inhaltlich trotzdem voranschreitet, seine S\u00e4nger veralbert, aber im n\u00e4chsten Moment ganz konkrete Hilfestellung leistet. Das ist f\u00fcr den Opernliebhaber wie f\u00fcr den Profi gleicherma\u00dfen faszinierend. Sogar Mutis \u00e4lteste Enkel h\u00f6rte sich in Oma Christinas Loge einige Zeit den Opa an.<\/p>\n<p>Ob er die Deutschen mit ihrer italienischen Hum-Pa-Pa-Verachtung gei\u00dfelt, die Bedeutung der Banda erkl\u00e4rt, Verdi als Kulturmenschen wie Landmann zeichnet oder die musikalischen Kreisbewegungen erkl\u00e4rt, die stets bei ihm auftauchen, wenn vom Schicksal die Rede ist, er hat zu jedem Verdi-Thema Substanzielles aus seinem reichen Erfahrungsschatz zu sagen. Imitieren kann er auch, Publikum wie Mitwirkenden h\u00e4ngen an seinen Lippen.<\/p>\n<p>Und hinterher geht es noch einmal zweieinhalb Stunden im privaten Kreis beim Dinner weiter. Da wird enth\u00fcllt, dass die Melodie der Marseillaise eigentlich von einem Italiener stammt, er mokiert sich \u00fcber die Lieblingsbesch\u00e4ftigung der S\u00e4nger (keine Details!) und ist komisch emp\u00f6rt, dass die schmissige italienische Nationalhymne \u2013 echt wahr \u2013 morgens im RAI-Radio von den Berliner Philharmonikern gespielt wird! Gibt es denn gar keine italienischen Orchester mehr? In Ravenna wird jedenfalls dem Kulturverfall getrotzt.<\/p>\n<p style=\"text-align: right;\">Manuel Brug, WELT Blogs, 22 Luglio 2018<\/p>\n<p>&nbsp;<\/p>\n<p>&nbsp;<\/p>\n<div class=\"fusion-fullwidth fullwidth-box fusion-builder-row-1 hundred-percent-fullwidth non-hundred-percent-height-scrolling\" style=\"--awb-border-radius-top-left:0px;--awb-border-radius-top-right:0px;--awb-border-radius-bottom-right:0px;--awb-border-radius-bottom-left:0px;--awb-overflow:visible;--awb-flex-wrap:wrap;\" ><div class=\"fusion-builder-row fusion-row\"><div class=\"fusion-layout-column fusion_builder_column fusion-builder-column-0 fusion_builder_column_1_1 1_1 fusion-one-full fusion-column-first fusion-column-last fusion-column-no-min-height\" style=\"--awb-bg-size:cover;--awb-margin-bottom:0px;\"><div class=\"fusion-column-wrapper fusion-flex-column-wrapper-legacy\">\n\t\t<style type=\"text\/css\">\n\t\t\t#gallery-1 {\n\t\t\t\tmargin: auto;\n\t\t\t}\n\t\t\t#gallery-1 .gallery-item {\n\t\t\t\tfloat: left;\n\t\t\t\tmargin-top: 10px;\n\t\t\t\ttext-align: center;\n\t\t\t\twidth: 33%;\n\t\t\t}\n\t\t\t#gallery-1 img {\n\t\t\t\tborder: 2px solid #cfcfcf;\n\t\t\t}\n\t\t\t#gallery-1 .gallery-caption {\n\t\t\t\tmargin-left: 0;\n\t\t\t}\n\t\t\t\/* see gallery_shortcode() in wp-includes\/media.php *\/\n\t\t<\/style>\n\t\t<div id='gallery-1' class='gallery galleryid-7160 gallery-columns-3 gallery-size-thumbnail'><dl class='gallery-item'>\n\t\t\t<dt class='gallery-icon landscape'>\n\t\t\t\t<a data-rel=\"iLightbox[postimages]\" data-title=\"\" data-caption=\"Riccardo Muti during a piano music rehearsal\" href='https:\/\/www.riccardomuti.com\/wp-content\/uploads\/IOA2018_ph_SilviaLelli_566A6961-1.jpg'><img decoding=\"async\" width=\"150\" height=\"150\" src=\"https:\/\/www.riccardomuti.com\/wp-content\/uploads\/IOA2018_ph_SilviaLelli_566A6961-1-150x150.jpg\" class=\"attachment-thumbnail size-thumbnail\" alt=\"\" aria-describedby=\"gallery-1-7134\" srcset=\"https:\/\/www.riccardomuti.com\/wp-content\/uploads\/IOA2018_ph_SilviaLelli_566A6961-1-66x66.jpg 66w, https:\/\/www.riccardomuti.com\/wp-content\/uploads\/IOA2018_ph_SilviaLelli_566A6961-1-150x150.jpg 150w, https:\/\/www.riccardomuti.com\/wp-content\/uploads\/IOA2018_ph_SilviaLelli_566A6961-1-400x400.jpg 400w\" sizes=\"(max-width: 150px) 100vw, 150px\" \/><\/a>\n\t\t\t<\/dt>\n\t\t\t\t<dd class='wp-caption-text gallery-caption' id='gallery-1-7134'>\n\t\t\t\tRiccardo Muti during a piano music rehearsal\n\t\t\t\t<\/dd><\/dl><dl class='gallery-item'>\n\t\t\t<dt class='gallery-icon landscape'>\n\t\t\t\t<a data-rel=\"iLightbox[postimages]\" data-title=\"\" data-caption=\"Young selected conductors\" href='https:\/\/www.riccardomuti.com\/wp-content\/uploads\/Direttori\u00a9Silvia-Lelli_22lug2018_2610.jpg'><img decoding=\"async\" width=\"150\" height=\"150\" src=\"https:\/\/www.riccardomuti.com\/wp-content\/uploads\/Direttori\u00a9Silvia-Lelli_22lug2018_2610-150x150.jpg\" class=\"attachment-thumbnail size-thumbnail\" alt=\"\" aria-describedby=\"gallery-1-7138\" srcset=\"https:\/\/www.riccardomuti.com\/wp-content\/uploads\/Direttori\u00a9Silvia-Lelli_22lug2018_2610-66x66.jpg 66w, https:\/\/www.riccardomuti.com\/wp-content\/uploads\/Direttori\u00a9Silvia-Lelli_22lug2018_2610-150x150.jpg 150w, https:\/\/www.riccardomuti.com\/wp-content\/uploads\/Direttori\u00a9Silvia-Lelli_22lug2018_2610-400x400.jpg 400w\" sizes=\"(max-width: 150px) 100vw, 150px\" \/><\/a>\n\t\t\t<\/dt>\n\t\t\t\t<dd class='wp-caption-text gallery-caption' id='gallery-1-7138'>\n\t\t\t\tYoung selected conductors\n\t\t\t\t<\/dd><\/dl><dl class='gallery-item'>\n\t\t\t<dt class='gallery-icon landscape'>\n\t\t\t\t<a data-rel=\"iLightbox[postimages]\" data-title=\"\" data-caption=\"Young selected r\u00e9p\u00e9titeurs\" href='https:\/\/www.riccardomuti.com\/wp-content\/uploads\/maestricollaboratori\u00a9Silvia-Lelli_22lug2018_2522.jpg'><img decoding=\"async\" width=\"150\" height=\"150\" src=\"https:\/\/www.riccardomuti.com\/wp-content\/uploads\/maestricollaboratori\u00a9Silvia-Lelli_22lug2018_2522-150x150.jpg\" class=\"attachment-thumbnail size-thumbnail\" alt=\"\" aria-describedby=\"gallery-1-7140\" srcset=\"https:\/\/www.riccardomuti.com\/wp-content\/uploads\/maestricollaboratori\u00a9Silvia-Lelli_22lug2018_2522-66x66.jpg 66w, https:\/\/www.riccardomuti.com\/wp-content\/uploads\/maestricollaboratori\u00a9Silvia-Lelli_22lug2018_2522-150x150.jpg 150w, https:\/\/www.riccardomuti.com\/wp-content\/uploads\/maestricollaboratori\u00a9Silvia-Lelli_22lug2018_2522-400x400.jpg 400w\" sizes=\"(max-width: 150px) 100vw, 150px\" \/><\/a>\n\t\t\t<\/dt>\n\t\t\t\t<dd class='wp-caption-text gallery-caption' id='gallery-1-7140'>\n\t\t\t\tYoung selected r\u00e9p\u00e9titeurs\n\t\t\t\t<\/dd><\/dl><br style=\"clear: both\" \/><dl class='gallery-item'>\n\t\t\t<dt class='gallery-icon landscape'>\n\t\t\t\t<a data-rel=\"iLightbox[postimages]\" data-title=\"\" data-caption=\"Domenico Muti, General Director of the Riccardo Muti Italian Opera Academy\" href='https:\/\/www.riccardomuti.com\/wp-content\/uploads\/\u00a9Silvia-Lelli_13set2017_4914-1.jpg'><img decoding=\"async\" width=\"150\" height=\"150\" src=\"https:\/\/www.riccardomuti.com\/wp-content\/uploads\/\u00a9Silvia-Lelli_13set2017_4914-1-150x150.jpg\" class=\"attachment-thumbnail size-thumbnail\" alt=\"\" aria-describedby=\"gallery-1-7176\" srcset=\"https:\/\/www.riccardomuti.com\/wp-content\/uploads\/\u00a9Silvia-Lelli_13set2017_4914-1-66x66.jpg 66w, https:\/\/www.riccardomuti.com\/wp-content\/uploads\/\u00a9Silvia-Lelli_13set2017_4914-1-150x150.jpg 150w, https:\/\/www.riccardomuti.com\/wp-content\/uploads\/\u00a9Silvia-Lelli_13set2017_4914-1-400x400.jpg 400w\" sizes=\"(max-width: 150px) 100vw, 150px\" \/><\/a>\n\t\t\t<\/dt>\n\t\t\t\t<dd class='wp-caption-text gallery-caption' id='gallery-1-7176'>\n\t\t\t\tDomenico Muti, General Director of the Riccardo Muti Italian Opera Academy\n\t\t\t\t<\/dd><\/dl>\n\t\t\t<br style='clear: both' \/>\n\t\t<\/div>\n\n<div class=\"vaiallostore\">\n<a href=\"https:\/\/www.riccardomutimusic.com\/\"> Visita lo Store <\/a><\/div><style>#toTop{display:none;}.to-top-container{display:none;visibility:hidden}<br \/><\/style><div class=\"fusion-clearfix\"><\/div><\/div><\/div><\/div><\/div>\n","protected":false},"excerpt":{"rendered":"<p>First excerpt from the Press Release of the Italian Opera Academy focused on Verdi&#8217;s Macbeth. Photos at the bottom of this page. &nbsp; A lezione di verit\u00e0 con Verdi e  [&#8230;]<\/p>\n","protected":false},"author":1,"featured_media":0,"parent":0,"menu_order":0,"comment_status":"closed","ping_status":"closed","template":"","meta":{"footnotes":""},"class_list":["post-7160","page","type-page","status-publish","hentry"],"yoast_head":"<!-- This site is optimized with the Yoast SEO plugin v26.9 - https:\/\/yoast.com\/product\/yoast-seo-wordpress\/ -->\n<title>First excerpt from the Press Release of the Riccardo Muti Italian Opera Academy - 2018 - Riccardo Muti<\/title>\n<meta name=\"robots\" content=\"index, follow, max-snippet:-1, max-image-preview:large, max-video-preview:-1\" \/>\n<link rel=\"canonical\" href=\"https:\/\/www.riccardomuti.com\/en\/primo-estratto-dalla-rassegna-stampa-della-riccardo-muti-italian-opera-academy-2018\/\" \/>\n<meta property=\"og:locale\" content=\"en_US\" \/>\n<meta property=\"og:type\" content=\"article\" \/>\n<meta property=\"og:title\" content=\"First excerpt from the Press Release of the Riccardo Muti Italian Opera Academy - 2018 - Riccardo Muti\" \/>\n<meta property=\"og:description\" content=\"First excerpt from the Press Release of the Italian Opera Academy focused on Verdi&#8217;s Macbeth. Photos at the bottom of this page. &nbsp; A lezione di verit\u00e0 con Verdi e [...]\" \/>\n<meta property=\"og:url\" content=\"https:\/\/www.riccardomuti.com\/en\/primo-estratto-dalla-rassegna-stampa-della-riccardo-muti-italian-opera-academy-2018\/\" \/>\n<meta property=\"og:site_name\" content=\"Riccardo Muti\" \/>\n<meta property=\"article:publisher\" content=\"https:\/\/www.facebook.com\/RiccardoMutiOfficial\/\" \/>\n<meta property=\"article:modified_time\" content=\"2021-06-01T06:36:52+00:00\" \/>\n<meta property=\"og:image\" content=\"https:\/\/www.riccardomuti.com\/wp-content\/uploads\/Article_LeMonde1.png\" \/>\n\t<meta property=\"og:image:width\" content=\"1619\" \/>\n\t<meta property=\"og:image:height\" content=\"1104\" \/>\n\t<meta property=\"og:image:type\" content=\"image\/png\" \/>\n<meta name=\"twitter:card\" content=\"summary_large_image\" \/>\n<meta name=\"twitter:label1\" content=\"Est. reading time\" \/>\n\t<meta name=\"twitter:data1\" content=\"9 minutes\" \/>\n<script type=\"application\/ld+json\" class=\"yoast-schema-graph\">{\"@context\":\"https:\/\/schema.org\",\"@graph\":[{\"@type\":\"WebPage\",\"@id\":\"https:\/\/www.riccardomuti.com\/en\/primo-estratto-dalla-rassegna-stampa-della-riccardo-muti-italian-opera-academy-2018\/\",\"url\":\"https:\/\/www.riccardomuti.com\/en\/primo-estratto-dalla-rassegna-stampa-della-riccardo-muti-italian-opera-academy-2018\/\",\"name\":\"First excerpt from the Press Release of the Riccardo Muti Italian Opera Academy - 2018 - Riccardo Muti\",\"isPartOf\":{\"@id\":\"https:\/\/www.riccardomuti.com\/en\/#website\"},\"primaryImageOfPage\":{\"@id\":\"https:\/\/www.riccardomuti.com\/en\/primo-estratto-dalla-rassegna-stampa-della-riccardo-muti-italian-opera-academy-2018\/#primaryimage\"},\"image\":{\"@id\":\"https:\/\/www.riccardomuti.com\/en\/primo-estratto-dalla-rassegna-stampa-della-riccardo-muti-italian-opera-academy-2018\/#primaryimage\"},\"thumbnailUrl\":\"https:\/\/www.riccardomuti.com\/wp-content\/uploads\/Article_LeMonde1-300x205.png\",\"datePublished\":\"2018-07-30T15:14:39+00:00\",\"dateModified\":\"2021-06-01T06:36:52+00:00\",\"breadcrumb\":{\"@id\":\"https:\/\/www.riccardomuti.com\/en\/primo-estratto-dalla-rassegna-stampa-della-riccardo-muti-italian-opera-academy-2018\/#breadcrumb\"},\"inLanguage\":\"en-US\",\"potentialAction\":[{\"@type\":\"ReadAction\",\"target\":[\"https:\/\/www.riccardomuti.com\/en\/primo-estratto-dalla-rassegna-stampa-della-riccardo-muti-italian-opera-academy-2018\/\"]}]},{\"@type\":\"ImageObject\",\"inLanguage\":\"en-US\",\"@id\":\"https:\/\/www.riccardomuti.com\/en\/primo-estratto-dalla-rassegna-stampa-della-riccardo-muti-italian-opera-academy-2018\/#primaryimage\",\"url\":\"https:\/\/www.riccardomuti.com\/wp-content\/uploads\/Article_LeMonde1-300x205.png\",\"contentUrl\":\"https:\/\/www.riccardomuti.com\/wp-content\/uploads\/Article_LeMonde1-300x205.png\"},{\"@type\":\"BreadcrumbList\",\"@id\":\"https:\/\/www.riccardomuti.com\/en\/primo-estratto-dalla-rassegna-stampa-della-riccardo-muti-italian-opera-academy-2018\/#breadcrumb\",\"itemListElement\":[{\"@type\":\"ListItem\",\"position\":1,\"name\":\"Home\",\"item\":\"https:\/\/www.riccardomuti.com\/en\/\"},{\"@type\":\"ListItem\",\"position\":2,\"name\":\"First excerpt from the Press Release of the Riccardo Muti Italian Opera Academy &#8211; 2018\"}]},{\"@type\":\"WebSite\",\"@id\":\"https:\/\/www.riccardomuti.com\/en\/#website\",\"url\":\"https:\/\/www.riccardomuti.com\/en\/\",\"name\":\"Riccardo Muti\",\"description\":\"Sito ufficiale di Riccardo Muti\",\"potentialAction\":[{\"@type\":\"SearchAction\",\"target\":{\"@type\":\"EntryPoint\",\"urlTemplate\":\"https:\/\/www.riccardomuti.com\/en\/?s={search_term_string}\"},\"query-input\":{\"@type\":\"PropertyValueSpecification\",\"valueRequired\":true,\"valueName\":\"search_term_string\"}}],\"inLanguage\":\"en-US\"}]}<\/script>\n<!-- \/ Yoast SEO plugin. -->","yoast_head_json":{"title":"First excerpt from the Press Release of the Riccardo Muti Italian Opera Academy - 2018 - Riccardo Muti","robots":{"index":"index","follow":"follow","max-snippet":"max-snippet:-1","max-image-preview":"max-image-preview:large","max-video-preview":"max-video-preview:-1"},"canonical":"https:\/\/www.riccardomuti.com\/en\/primo-estratto-dalla-rassegna-stampa-della-riccardo-muti-italian-opera-academy-2018\/","og_locale":"en_US","og_type":"article","og_title":"First excerpt from the Press Release of the Riccardo Muti Italian Opera Academy - 2018 - Riccardo Muti","og_description":"First excerpt from the Press Release of the Italian Opera Academy focused on Verdi&#8217;s Macbeth. Photos at the bottom of this page. &nbsp; A lezione di verit\u00e0 con Verdi e [...]","og_url":"https:\/\/www.riccardomuti.com\/en\/primo-estratto-dalla-rassegna-stampa-della-riccardo-muti-italian-opera-academy-2018\/","og_site_name":"Riccardo Muti","article_publisher":"https:\/\/www.facebook.com\/RiccardoMutiOfficial\/","article_modified_time":"2021-06-01T06:36:52+00:00","og_image":[{"width":1619,"height":1104,"url":"https:\/\/www.riccardomuti.com\/wp-content\/uploads\/Article_LeMonde1.png","type":"image\/png"}],"twitter_card":"summary_large_image","twitter_misc":{"Est. reading time":"9 minutes"},"schema":{"@context":"https:\/\/schema.org","@graph":[{"@type":"WebPage","@id":"https:\/\/www.riccardomuti.com\/en\/primo-estratto-dalla-rassegna-stampa-della-riccardo-muti-italian-opera-academy-2018\/","url":"https:\/\/www.riccardomuti.com\/en\/primo-estratto-dalla-rassegna-stampa-della-riccardo-muti-italian-opera-academy-2018\/","name":"First excerpt from the Press Release of the Riccardo Muti Italian Opera Academy - 2018 - Riccardo Muti","isPartOf":{"@id":"https:\/\/www.riccardomuti.com\/en\/#website"},"primaryImageOfPage":{"@id":"https:\/\/www.riccardomuti.com\/en\/primo-estratto-dalla-rassegna-stampa-della-riccardo-muti-italian-opera-academy-2018\/#primaryimage"},"image":{"@id":"https:\/\/www.riccardomuti.com\/en\/primo-estratto-dalla-rassegna-stampa-della-riccardo-muti-italian-opera-academy-2018\/#primaryimage"},"thumbnailUrl":"https:\/\/www.riccardomuti.com\/wp-content\/uploads\/Article_LeMonde1-300x205.png","datePublished":"2018-07-30T15:14:39+00:00","dateModified":"2021-06-01T06:36:52+00:00","breadcrumb":{"@id":"https:\/\/www.riccardomuti.com\/en\/primo-estratto-dalla-rassegna-stampa-della-riccardo-muti-italian-opera-academy-2018\/#breadcrumb"},"inLanguage":"en-US","potentialAction":[{"@type":"ReadAction","target":["https:\/\/www.riccardomuti.com\/en\/primo-estratto-dalla-rassegna-stampa-della-riccardo-muti-italian-opera-academy-2018\/"]}]},{"@type":"ImageObject","inLanguage":"en-US","@id":"https:\/\/www.riccardomuti.com\/en\/primo-estratto-dalla-rassegna-stampa-della-riccardo-muti-italian-opera-academy-2018\/#primaryimage","url":"https:\/\/www.riccardomuti.com\/wp-content\/uploads\/Article_LeMonde1-300x205.png","contentUrl":"https:\/\/www.riccardomuti.com\/wp-content\/uploads\/Article_LeMonde1-300x205.png"},{"@type":"BreadcrumbList","@id":"https:\/\/www.riccardomuti.com\/en\/primo-estratto-dalla-rassegna-stampa-della-riccardo-muti-italian-opera-academy-2018\/#breadcrumb","itemListElement":[{"@type":"ListItem","position":1,"name":"Home","item":"https:\/\/www.riccardomuti.com\/en\/"},{"@type":"ListItem","position":2,"name":"First excerpt from the Press Release of the Riccardo Muti Italian Opera Academy &#8211; 2018"}]},{"@type":"WebSite","@id":"https:\/\/www.riccardomuti.com\/en\/#website","url":"https:\/\/www.riccardomuti.com\/en\/","name":"Riccardo Muti","description":"Sito ufficiale di Riccardo Muti","potentialAction":[{"@type":"SearchAction","target":{"@type":"EntryPoint","urlTemplate":"https:\/\/www.riccardomuti.com\/en\/?s={search_term_string}"},"query-input":{"@type":"PropertyValueSpecification","valueRequired":true,"valueName":"search_term_string"}}],"inLanguage":"en-US"}]}},"_links":{"self":[{"href":"https:\/\/www.riccardomuti.com\/en\/wp-json\/wp\/v2\/pages\/7160","targetHints":{"allow":["GET"]}}],"collection":[{"href":"https:\/\/www.riccardomuti.com\/en\/wp-json\/wp\/v2\/pages"}],"about":[{"href":"https:\/\/www.riccardomuti.com\/en\/wp-json\/wp\/v2\/types\/page"}],"author":[{"embeddable":true,"href":"https:\/\/www.riccardomuti.com\/en\/wp-json\/wp\/v2\/users\/1"}],"replies":[{"embeddable":true,"href":"https:\/\/www.riccardomuti.com\/en\/wp-json\/wp\/v2\/comments?post=7160"}],"version-history":[{"count":0,"href":"https:\/\/www.riccardomuti.com\/en\/wp-json\/wp\/v2\/pages\/7160\/revisions"}],"wp:attachment":[{"href":"https:\/\/www.riccardomuti.com\/en\/wp-json\/wp\/v2\/media?parent=7160"}],"curies":[{"name":"wp","href":"https:\/\/api.w.org\/{rel}","templated":true}]}}